{"id":2434,"date":"2021-06-15T14:14:37","date_gmt":"2021-06-15T12:14:37","guid":{"rendered":"https:\/\/saintpierre91.org\/cefop\/?page_id=2434"},"modified":"2025-09-25T16:01:30","modified_gmt":"2025-09-25T14:01:30","slug":"licence-professionnelle-entrepreneuriat-reprenariat-et-intraprenariat","status":"publish","type":"page","link":"https:\/\/saintpierre91.org\/cefop\/licence-professionnelle-entrepreneuriat-reprenariat-et-intraprenariat\/","title":{"rendered":"Licence Professionnelle &#8211; Entrepreneuriat, reprenariat et intraprenariat"},"content":{"rendered":"\n<div class=\"card bg-light\">\n<div class=\"card-body\">\n<h1 style=\"color: #6F2482;\">Licence Professionnelle &#8211; Management et gestion des organisations<\/h1>\n<h2>Entrepreneuriat, reprenariat et intraprenariat<\/h2>\n<p>En alternance<\/p>\n<\/div>\n<div class=\"card-footer\" style=\"text-align:right;\"><i><small>Mise \u00e0 jour : 25 septembre 2025<\/small><\/i><\/div> \n<\/div>\n<br>\n\n\n\n<div class=\"row\">\n<div class=\"col-sm-8\">\n<h2>Principales comp\u00e9tences<\/h2>\n<p class=\"text-justify\">\n\n<\/p><ul>\n\n<li>Cr\u00e9er, reprendre, diriger, d\u00e9velopper une entreprise  <\/li>\n<li>Manager une \u00e9quipe <\/li>\n<li>Analyser et exploiter des donn\u00e9es <\/li>\n<li>G\u00e9rer un projet <\/li>\n<li>D\u00e9velopper la dynamique commerciale <\/li>\t\n<li>Elaborer un Business plan <\/li>\n\n\n\n\n<br>\n<\/ul>\n\n\n\n  \n  \n  \n \n\n\n\n\n\n\n<!-- CONDITIONS GENERALES D EXERCICES -->\n\n<br>\n\n\n<h2 style=\"color: #6F2482;\">CONTENU DES ENSEIGNEMENTS<\/h2>\n\n<!--\n\n<h4>Les 3 blocs de comp\u00e9tences <\/h4>\n<div class=\"row\">\n<div class=\"col-md-4\"><div class=\"card card-default\" style=\"min-height:200px;max-height:200px;height:200px\"><div class=\"card-body\"><h3>BLOC 1<\/h3>D\u00e9ploiement de la strat\u00e9gie au sein d\u2019une unit\u00e9 d\u2019h\u00f4tellerie et de restauration.<\/div><\/div><\/div>\n<div class=\"col-md-4\"><div class=\"card card-default\" style=\"min-height:200px;max-height:200px;height:200px\"><div class=\"card-body\"><h3>BLOC 2<\/h3>Pilotage et contr\u00f4le des ressources financi\u00e8res d\u2019une unit\u00e9 d\u2019h\u00f4tellerie et de restauration<\/div><\/div><\/div>\n<div class=\"col-md-4\"><div class=\"card card-default\" style=\"min-height:200px;max-height:200px;height:200px\"><div class=\"card-body\"><h3>BLOC 3<\/h3>Gestion des Ressources humaines et pilotage du management <\/div><\/div><\/div>\n<\/div>\n\n\n\n<hr>\n-->\n\n\n\n\n\n<h4>Parmi les mati\u00e8res du programme<\/h4>\n<h5><i>\nProjet tuteur\u00e9 \/ Cr\u00e9ation d\u2019entreprise \/ Prestation orale de pr\u00e9sentation  \n<\/i><\/h5>\n\n\n\n\n<div class=\"row\">\n<div class=\"col-md-4\"><div class=\"card card-default\" style=\"min-height:250px;max-height:250px;height:250px\"><div class=\"card-body\"><h5><center><i class=\"fas fa-hand-holding-usd fa-2x\"><\/i><br><br>Entrepreneuriat et intelligence \u00e9conomique<\/center><\/h5><\/div><\/div><\/div>\n<div class=\"col-md-4\"><div class=\"card card-default\" style=\"min-height:250px;max-height:250px;height:250px\"><div class=\"card-body\"><h5><center><i class=\"fas fa-chart-pie fa-2x\"><\/i><br><br>Gestion financi\u00e8re : techniques comptables, analyse financi\u00e8re et management des investissements<\/center><\/h5><\/div><\/div><\/div>\n<div class=\"col-md-4\"><div class=\"card card-default\" style=\"min-height:250px;max-height:250px;height:250px\"><div class=\"card-body\"><h5><center><i class=\"fas fa-users fa-2x\"><\/i><br><br>Management des \u00e9quipes et de l\u2019innovation<\/center><\/h5><\/div><\/div><\/div>\n<\/div>\n\n<br>\n<div class=\"row\">\n<div class=\"col-md-4\"><div class=\"card card-default\" style=\"min-height:250px;max-height:250px;height:250px\"><div class=\"card-body\"><h5><center><i class=\"fas fa-chart-line fa-2x\"><\/i><br><br>Tableaux de bord et gestion de projet<\/center><\/h5><\/div><\/div><\/div>\n<div class=\"col-md-4\"><div class=\"card card-default\" style=\"min-height:250px;max-height:250px;height:250px\"><div class=\"card-body\"><h5><center><i class=\"fas fa-bullhorn fa-2x\"><\/i><br><br>Marketing  digital <\/center><\/h5><\/div><\/div><\/div>\n<div class=\"col-md-4\"><div class=\"card card-default\" style=\"min-height:250px;max-height:250px;height:250px\"><div class=\"card-body\"><h5><center><i class=\"fas fa-balance-scale fa-2x\"><\/i><br><br>Droit des affaires et r\u00e8gles fiscales<\/center><\/h5><\/div><\/div><\/div>\n<\/div>\n<br>\n<div class=\"row\">\n<div class=\"col-md-4\"><div class=\"card card-default\" style=\"min-height:250px;max-height:250px;height:250px\"><div class=\"card-body\"><h5><center><i class=\"fas fa-project-diagram fa-2x\"><\/i><br><br>Gestion de projet et cr\u00e9ation d\u2019entreprise<\/center><\/h5><\/div><\/div><\/div>\n<div class=\"col-md-4\"><div class=\"card card-default\" style=\"min-height:250px;max-height:250px;height:250px\"><div class=\"card-body\"><h5><center><i class=\"fas fa-globe fa-2x\"><\/i><br><br>Commerce international \u2013 e-commerce<\/center><\/h5><\/div><\/div><\/div>\n<div class=\"col-md-4\"><div class=\"card card-default\" style=\"min-height:250px;max-height:250px;height:250px\"><div class=\"card-body\"><h5><center><i class=\"fas fa-briefcase fa-2x\"><\/i><br><br>Reprise \u2013 Transmission d\u2019entreprise<\/center><\/h5><\/div><\/div><\/div>\n<\/div>\n<br>\n<div class=\"row\">\n<div class=\"col-md-4\"><div class=\"card card-default\" style=\"min-height:250px;max-height:250px;height:250px\"><div class=\"card-body\"><h5><center><i class=\"far fa-comments fa-2x\"><\/i><br><br>Anglais des affaires et pr\u00e9paration au TOEIC<\/center><\/h5><\/div><\/div><\/div>\n<div class=\"col-md-4\"><\/div>\n<div class=\"col-md-4\"><\/div>\n<\/div>\n\n<h2>Secteurs d&rsquo;activit\u00e9 et emplois<\/h2>\n\nSecteurs d\u2019activit\u00e9s :<br>\n\n&#8211; Commerce de d\u00e9tail, \u00e0 l\u2019exception des automobiles et des motocycles<br>\n&#8211; Activit\u00e9s des agences de voyage, voyagistes, services de r\u00e9servation et activit\u00e9s connexes<br>\n&#8211; Action sociale sans h\u00e9bergement<br>\n&#8211; Activit\u00e9s des organisations associatives<br>\n&#8211; Activit\u00e9s des m\u00e9nages en tant qu&#8217;employeurs de personnel domestique<br><br>\n\n\n\nType d&#8217;emplois accessibles :<br>\n\n&#8211; Cr\u00e9ateur d\u2019entreprise <br>\n&#8211; Repreneur d\u2019entreprise <br>\n&#8211; Charg\u00e9 d\u2019affaires<br>\n&#8211; Business d\u00e9veloppeur<br>\n&#8211; Chef  produit<br>\n&#8211; Chef de projet<br>\n&#8211; Manager, dirigeant, cadre de TPE- PME <br>\n\n\n\n\n<br>\n<!--\n<center>\n<a class=\"btn btn-primary\" href=\"https:\/\/saintpierre91.org\/images\/pdf\/ufa\/BTS MCO Referentiel.pdf\" role=\"button\" target=\"_blank\" rel=\"noopener noreferrer\"><i class=\"far fa-file-alt\"><\/i> R\u00e9f\u00e9rentiel<\/a>\n<\/center>\n-->\n\n\n\n<!--\n<br>\n<h4>M\u00e9thodes utilis\u00e9es<\/h4>\n<ul> \n<li>Formation  en  groupe de  25 apprentis<\/li>\n<li>Supports  de  documentation mis \u00e0  disposition<\/li>\n<li>Utilisation de  supports  informatiques (tableau  num\u00e9rique, chariot  multi-m\u00e9dia, ordinateurs  reli\u00e9s  sur  internet  par  la fibre  optique )<\/li>\n<li>Evaluation  de  tous  les  domaines (2 semestres\/an) <\/li>\n<li>Examens blancs<\/li>\n<li>R\u00e9alisation de  dossiers  professionnels<\/li>\n<li>Evaluation   de  4 \u00e9preuves   en CCF <\/li>\n\n\n\n\n<\/ul>\n<br>\n\n<h4>Modalit\u00e9s d'\u00e9valuation<\/h4>\n\n<ul> \n<li>Evaluation  des  \u00e9preuves  du  domaine  professionnel en CCF<\/li>\n<ul>\n<li>U41 : D\u00e9veloppement  de  la relation client  et  vente  conseil  (3 \u00e0 4 s\u00e9ances d\u2019\u00e9valuation)<\/li>\n<li>U42 : Animation et  dynamisation  de  l\u2019offre  commerciale  (3 \u00e0 4 s\u00e9ances d\u2019\u00e9valuation)<\/li>\n<li>U 6 : Management  de l\u2019\u00e9quipe  commerciale  (1 \u00e0 2 s\u00e9ances d\u2019\u00e9valuation)<\/li>\n<li>U 22 : Compr\u00e9hension de  l\u2019oral, production orale  en continu et  en  interaction (1 \u00e0 2 s\u00e9ances d\u2019\u00e9valuation)<\/li>\n<\/ul>\n<li>Evaluation  des  \u00e9preuves  du  domaine  g\u00e9n\u00e9ral  et de  certaines  \u00e9preuves   du  domaine professionnel  en  validation  ponctuelle. <\/li> \n<\/ul> \n<br>\n\n-->\n\n\n\n\n<h2>ACCESSIBILIT\u00c9 AUX PERSONNES EN SITUATION DE HANDICAP ET S\u00c9CURISATION DE LEUR PARCOURS DE FORMATION<\/h2>\n<small><a href=\"https:\/\/saintpierre91.org\/cefop\/accessibilite\/\" target=\"_blank\" rel=\"noopener\">Consulter le dossier administratif<\/a><\/small>\n<div class=\"row\">\n<div class=\"col-md-3\">\n<center>\n<img decoding=\"async\" src=\"https:\/\/saintpierre91.org\/images\/PSH-4.svg\" width=\"250px\">\n<\/center><br>\n<\/div>\n<div class=\"col-md-9\">\n<ul>\n<li>Selon demande, des adaptations et des  am\u00e9nagements seront mis en \u0153uvre en fonction des besoins \u00e9ducatifs particuliers de l\u2019apprenti (Plan d\u2019Accompagnement  Personnalis\u00e9, Projet d\u2019accueil individualis\u00e9), sous  r\u00e9serve  que  la situation de sant\u00e9 de la personne soit  stabilis\u00e9e, de l\u2019absence de contre-indications \u00e0  l\u2019exercice de la profession et dans la limite d\u2019am\u00e9nagements raisonnables (loi du 11 F\u00e9vrier 2005). Cette demande peut \u00eatre pr\u00e9cis\u00e9e lors de l\u2019entretien de recrutement et \u00e0 tout moment de la formation.<\/li>\n<li>Nous accompagnons les stagiaires et les apprentis pour effectuer leurs d\u00e9marches aupr\u00e8s de la Maison D\u00e9partementale des Personnes Handicap\u00e9es (<a href=\"\/images\/pdf\/cefop\/PEE-2018-C3I9-Informations-stagiaire-RQTH.pdf\" target=\"_blank\" rel=\"noopener noreferrer\">fiche d\u2019informations sur le  lien suivant<\/a>).<\/li>\n<li>Les  dossiers  sont  r\u00e9alis\u00e9s par  la r\u00e9f\u00e9rente handicap, psychologue scolaire, (Mme Marjorie ROUSSEAU NGUYEN : 06 48 38 19 91 &#8211; <a href=\"mailto:marjorie.rousseau@saint-pierre91.org\" target=\"_blank\" rel=\"noopener noreferrer\">marjorie.rousseau@saint-pierre91.org<\/a>) et le p\u00f4le Sant\u00e9 du CEFOP Saint-Pierre OF-CFA.<\/li>\n<li>Les locaux sont adapt\u00e9s aux personnes \u00e0 mobilit\u00e9 r\u00e9duite.\n<\/li>\n<\/ul>\n<\/div>\n<\/div>\n\n\n\n\n\n\n\n\n\n\n<br>\n\n\n\n\n<br><br>\n<center>\n<p><a href=\"https:\/\/candidature.univ-evry.fr\/ecandidat\/#!accueilView\" class=\"btn btn-success btn-block\" target=\"_blank\" rel=\"noopener\"><i class=\"fa fa-child fa-3x\"><\/i><br> Les inscriptions sont d\u00e9mat\u00e9rialis\u00e9es via le lien eCandidat :<br>pour vous inscrire, <b>cliquez ici<\/b><\/a><\/p>\n<\/center>\n\n\n<\/div>\n\n\n\n\n\n\n\n\n\n\n\n\n\n\n\n\n\n\n\n\n\n\n\n\n\n\n\n\n\n\n\n\n\n<div class=\"col-sm-4\">\n\n\n\n\n\n<div class=\"card card-default\">\n<div class=\"card-header\">\n<h3 class=\"card-title\"><i class=\"far fa-id-badge\"><\/i>\n CONTACT : <br>\n<\/h3>\n<\/div>\n<div class=\"card-body\">\n<p>\n<\/p><h4>Patrick LEGRAND<\/h4>\nMail : <a href=\"mailto:pat.legrand@aona.fr\">pat.legrand@aona.fr<\/a>\n\n<\/small>\n<p><\/p>\n<\/div>\n<\/div>\n\n\n<br>\n\n\n\n\n\n\n\n\n\n\n\n<div class=\"card card-default\">\n<div class=\"card-header\">\n<h3 class=\"card-title\"><i class=\"fa-solid fa-certificate\"><\/i>\n  ORGANISME CERTIFICATEUR<br>\n<\/h3>\n<\/div>\n<div class=\"card-body\">\n<center>\nUNIVERSITE D&rsquo;EVRY VAL D&rsquo;ESSONNE<br>\n<img decoding=\"async\" src=\"https:\/\/upload.wikimedia.org\/wikipedia\/commons\/f\/fc\/Second_Logo_Universit%C3%A9_d%27%C3%89vry-Val_d%27Esonne.png\" width=\"75%\"><br><br>\n\n<a href=\"https:\/\/www.francecompetences.fr\/recherche\/rncp\/40290\/\" target=\"_blank\" rel=\"noopener\">RNCP40290<\/a><br>\n<span class=\"badge text-bg-light\">Enregistr\u00e9 au RNCP le 04\/03\/2025 <\/span>\n<\/center>\n<\/div>\n<\/div>\n<br>\n\n\n\n\n<div class=\"card card-default\">\n<div class=\"card-header\">\n<h3 class=\"card-title\"><i class=\"fas fa-stamp\"><\/i>\n FICHE FORMATION<br>\n<\/h3>\n<\/div>\n<div class=\"card-body\">\n<p class=\"text-justify\">\n<a href=\"https:\/\/saintpierre91.org\/images\/pdf\/ejpo\/formations\/Licence Pro Entrepreneuriat - Repreneuriat - Intrapreneuriat.jpg\" target=\"_blank\" rel=\"noopener noreferrer\"><img decoding=\"async\" src=\"https:\/\/saintpierre91.org\/images\/pdf\/ejpo\/formations\/Licence Pro Entrepreneuriat - Repreneuriat - Intrapreneuriat.jpg\"><\/a>\n<\/p>\n<\/div>\n<\/div>\n<br>\n\n\n\n<div class=\"card card-default\">\n<div class=\"card-header\">\n<h3 class=\"card-title\"><i class=\"fas fa-stamp\"><\/i>\n PARTENARIAT<br>\n<\/h3>\n<\/div>\n<div class=\"card-body\">\n<p class=\"text-justify\">\n<\/p><center>\n<small>Formation en partenariat avec :<\/small><br><br>\n<a href=\"https:\/\/www.iut-evry.fr\/\" target=\"_blank\" rel=\"noopener\"><img decoding=\"async\" src=\"https:\/\/www.iut-evry.fr\/wp-content\/uploads\/2020\/09\/LOGO-IUT-JPEG-500dpi-scaled.jpg\" width=\"50%\"><\/a>\n<hr>\n<a href=\"https:\/\/www.cfa-eve.fr\/\" target=\"_blank\" rel=\"noopener\"><img decoding=\"async\" src=\"https:\/\/www.cfa-eve.fr\/assets\/img\/logo\/top.png\" width=\"50%\"><\/a>\n\n\n<\/center>\n<p><\/p>\n<\/div>\n<\/div>\n<br>\n\n\n\n<div class=\"card card-default\">\n<div class=\"card-header\">\n<h3 class=\"card-title\"><i class=\"fas fa-stamp\"><\/i>\n CO\u00dbT DE LA FORMATION<br>\n<\/h3>\n<\/div>\n<div class=\"card-body\">\n<ul>\n<li>En alternance : co\u00fbt de la formation pris en charge par l\u2019OPCO de la branche professionnelle ou le CNFPT pour les collectivit\u00e9s locales<\/li>\n<li>La formation est <b>gratuite<\/b> pour les apprentis et les stagiaires en contrat de professionnalisation mais l&rsquo;\u00e9tudiant doit s&rsquo;acquitter de la <a href=\"https:\/\/cvec.etudiant.gouv.fr\/\" target=\"_blank\">CVEC<\/a><\/li>\n<li>Financement personnel : nous contacter<\/li>\n<\/ul>\n<\/div>\n<\/div>\n<br>\n\n\n\n\n<div class=\"card card-default\">\n<div class=\"card-header\">\n<h3 class=\"card-title\"><i class=\"fas fa-hourglass-half\"><\/i>\n DUREE : <br>\n<\/h3>\n<\/div>\n<div class=\"card-body\">\n<p>1 an <\/p>\n<\/div>\n<\/div>\n<br>\n\n\n\n\n<div class=\"card card-default\">\n<div class=\"card-header\">\n<h3 class=\"card-title\"><i class=\"fas fa-sign-in-alt\"><\/i>\n DELAI D&rsquo;ACCES<br>\n<\/h3>\n<\/div>\n<div class=\"card-body\">\n<p>\n<\/p><ul>\n<li>D\u00e9marrage de la formation entre septembre et d\u00e9cembre<\/li>\n<li>Inscription tout au long de l&rsquo;ann\u00e9e<\/li>\n<\/ul>\n<p><\/p>\n<\/div>\n<\/div>\n<br>\n\n\n\n\n<div class=\"card card-default\">\n<div class=\"card-header\">\n<h3 class=\"card-title\"><i class=\"fas fa-award\"><\/i>\n LES \u00ab\u00a0PLUS\u00a0\u00bb DE SAINT-PIERRE<br>\n<\/h3>\n<\/div>\n<div class=\"card-body\">\n<p>\n<\/p><ul>\n<li>Suivi individualis\u00e9 pour la recherche d&rsquo;entreprise.<\/li>\n<li>Pr\u00e9paration et passage du TOEIC.<\/li>\n<\/ul>\n<p><\/p>\n<\/div>\n<\/div>\n\n<br>\n\n\n\n\n\n\n<!--\n<div class=\"card card-default\">\n<div class=\"card-header\">\n<h3 class=\"card-title\"><i class=\"fa fa-building-o\"><\/i> CONTEXTE PROFESSIONNEL<br>\n<\/h3>\n<\/div>\n<div class=\"card-body\">\n<small>\n<ul>\nL'activit\u00e9 commerciale et mercatique comporte :<br>\n<li>Le management de l\u2019Unit\u00e9 Commerciale : animation et motivation de l\u2019\u00e9quipe commerciale, gestion de l\u2019unit\u00e9 commerciale, r\u00e9alisation d\u2019\u00e9tudes pour le d\u00e9veloppement de l\u2019offre commerciale et de la client\u00e8le.<\/li>\n<li>La gestion de la relation avec la client\u00e8le : d\u00e9couverte des besoins, conclusion de la vente, gestion des insatisfactions, information conseil, suivi de la qualit\u00e9 des prestations.<\/li>\n<li>La gestion et l'animation de l\u2019offre de produits et de services : gestion des approvisionnements, contr\u00f4le de la qualit\u00e9 des produits ou des prestations, mise en place de l\u2019offre produit\/service, mise en \u0153uvre d\u2019actions commerciales.<\/li>\n<li>La recherche de l\u2019information commerciale : rep\u00e9rage des sources d\u2019information, acc\u00e8s et archivage des donn\u00e9es, interrogation des syst\u00e8mes d\u2019information, prise de d\u00e9cision.<\/li>\n<\/ul>\n<\/small>\n<\/div>\n<\/div>\n<br>\n-->\n\n\n\n\n\n\n<div class=\"card card-default\">\n<div class=\"card-header\">\n<h3 class=\"card-title\"><i class=\"fa fa-cogs\"><\/i>\n QUALIT\u00c9S PROFESSIONNELLES<br>\n<\/h3>\n<\/div>\n<div class=\"card-body\">\n<p>\n\u2022 Pr\u00e9sentation soign\u00e9e.<br>\n\u2022 Excellente communication orale et \u00e9crite (\u00e9locution, gestuelle, ma\u00eetrise de l&rsquo;expression \u00e9crite).<br>\n\u2022 Sens de l&rsquo;organisation.<br>\n\u2022 Prise de d\u00e9cision.<br>\n<\/p>\n<\/div>\n<\/div>\n<br>\n\n\n\n\n\n\n\n<div class=\"card card-default\">\n<div class=\"card-header\">\n<h3 class=\"card-title\"><i class=\"fa fa-check-square-o \"><\/i>\n CONDITIONS D&rsquo;ADMISSION<br>\n<\/h3>\n<\/div>\n<div class=\"card-body\">\n<p>\nLa Licence professionnelle \u2013 Entrepreneuriat \u2013 Reprenariat \u2013 Intraprenariat s\u2019adresse prioritairement aux apprenants : <br>\nTitulaires d\u2019un niveau 5 (bac+2) quelle que soit sa sp\u00e9cialit\u00e9.\n\n<\/p>\n<\/div>\n<\/div>\n<br>\n\n\n\n\n\n\n<div class=\"card card-default\">\n<div class=\"card-header\">\n<h3 class=\"card-title\"><i class=\"fa fa-road\"><\/i>\n LES PERSPECTIVES<br>\n<\/h3>\n<\/div>\n<div class=\"card-body\">\n\n<h5>D\u00e9bouch\u00e9s professionnels<\/h5>\n<ul>\n<li>Cr\u00e9ateur d\u2019entreprise <\/li>\n<li>Repreneur d\u2019entreprise <\/li>\n<li>Charg\u00e9 d\u2019affaires<\/li>\n<li>Business d\u00e9veloppeur<\/li>\n<li>Chef  produit<\/li>\n<li>Chef de projet<\/li>\n<li>Manager, dirigeant, cadre de TPE- PME <\/li>\n<\/ul>\n\n\n<\/div>\n<\/div>\n<br>\n\n\n\n<div class=\"card card-default\">\n<div class=\"card-header\">\n<h3 class=\"card-title\"><i class=\"fa fa-calendar\"><\/i>\n RYTHME  D\u2019ALTERNANCE<br>\n<\/h3>\n<\/div>\n<div class=\"card-body\">\n2 jours  en  formation \/ 3 jours  en  entreprise\n\n<\/div>\n<\/div>\n\n<br>\n\n\n<div class=\"card card-default\">\n<div class=\"card-header\">\n<h3 class=\"card-title\"><i class=\"fas fa-hotel\"><\/i>\n LOGEMENTS<br>\n<\/h3>\n<\/div>\n<div class=\"card-body\">\n<a href=\"https:\/\/www.studapart.com\/fr\/logement-Brunoy\/Lokora-Brunoy\/residence\/2642\" target=\"_blank\" rel=\"noopener noreferrer\">R\u00e9sidence Etudiante<\/a>\n<\/div>\n<\/div>\n<br>\n\n\n<div class=\"card card-default\">\n<div class=\"card-header\">\n<h3 class=\"card-title\"><i class=\"far fa-building\"><\/i>\n OFFRES D&rsquo;EMPLOI<\/h3>\n<\/div>\n<div class=\"card-body\">\n<a href=\"..\/offres-d-emploi\/\" target=\"_blank\" rel=\"noopener noreferrer\">Consulter nos offres d&#8217;emploi<\/a>\n\n<\/div>\n<\/div>\n\n\n\n\n\n\n\n\n\n\n\n\n<\/div>\n\n\n\n\n\n\n\n\n\n\n\n\n\n\n\n\n\n\n\n\n\n\n\n\n<\/div>\n","protected":false},"excerpt":{"rendered":"<p>Licence Professionnelle &#8211; Management et gestion des organisations Entrepreneuriat, reprenariat et intraprenariat En alternance Principales comp\u00e9tences Cr\u00e9er, reprendre, diriger, d\u00e9velopper une entreprise Manager une \u00e9quipe Analyser et exploiter des donn\u00e9es G\u00e9rer un projet D\u00e9velopper la dynamique commerciale Elaborer un Business plan CONTENU DES ENSEIGNEMENTS Parmi les mati\u00e8res du programme Projet tuteur\u00e9 \/ Cr\u00e9ation d\u2019entreprise \/&#8230;<\/p>\n","protected":false},"author":1,"featured_media":0,"parent":0,"menu_order":0,"comment_status":"closed","ping_status":"closed","template":"","meta":{"_kad_post_transparent":"","_kad_post_title":"","_kad_post_layout":"","_kad_post_sidebar_id":"","_kad_post_content_style":"","_kad_post_vertical_padding":"","_kad_post_feature":"","_kad_post_feature_position":"","_kad_post_header":false,"_kad_post_footer":false,"cybocfi_hide_featured_image":"","footnotes":""},"class_list":["post-2434","page","type-page","status-publish","hentry"],"yoast_head":"<!-- This site is optimized with the Yoast SEO plugin v25.3.1 - https:\/\/yoast.com\/wordpress\/plugins\/seo\/ -->\n<title>Licence Professionnelle - Entrepreneuriat, reprenariat et intraprenariat - CEFOP Saint Pierre OF CFA<\/title>\n<meta name=\"robots\" content=\"index, follow, max-snippet:-1, max-image-preview:large, max-video-preview:-1\" \/>\n<link rel=\"canonical\" href=\"https:\/\/saintpierre91.org\/cefop\/licence-professionnelle-entrepreneuriat-reprenariat-et-intraprenariat\/\" \/>\n<meta property=\"og:locale\" content=\"fr_FR\" \/>\n<meta property=\"og:type\" content=\"article\" \/>\n<meta property=\"og:title\" content=\"Licence Professionnelle - Entrepreneuriat, reprenariat et intraprenariat - CEFOP Saint Pierre OF CFA\" \/>\n<meta property=\"og:description\" content=\"Licence Professionnelle &#8211; Management et gestion des organisations Entrepreneuriat, reprenariat et intraprenariat En alternance Principales comp\u00e9tences Cr\u00e9er, reprendre, diriger, d\u00e9velopper une entreprise Manager une \u00e9quipe Analyser et exploiter des donn\u00e9es G\u00e9rer un projet D\u00e9velopper la dynamique commerciale Elaborer un Business plan CONTENU DES ENSEIGNEMENTS Parmi les mati\u00e8res du programme Projet tuteur\u00e9 \/ Cr\u00e9ation d\u2019entreprise \/...\" \/>\n<meta property=\"og:url\" content=\"https:\/\/saintpierre91.org\/cefop\/licence-professionnelle-entrepreneuriat-reprenariat-et-intraprenariat\/\" \/>\n<meta property=\"og:site_name\" content=\"CEFOP Saint Pierre OF CFA\" \/>\n<meta property=\"article:modified_time\" content=\"2025-09-25T14:01:30+00:00\" \/>\n<meta property=\"og:image\" content=\"https:\/\/saintpierre91.org\/images\/PSH-4.svg\" \/>\n<meta name=\"twitter:card\" content=\"summary_large_image\" \/>\n<meta name=\"twitter:label1\" content=\"Dur\u00e9e de lecture estim\u00e9e\" \/>\n\t<meta name=\"twitter:data1\" content=\"4 minutes\" \/>\n<script type=\"application\/ld+json\" class=\"yoast-schema-graph\">{\"@context\":\"https:\/\/schema.org\",\"@graph\":[{\"@type\":\"WebPage\",\"@id\":\"https:\/\/saintpierre91.org\/cefop\/licence-professionnelle-entrepreneuriat-reprenariat-et-intraprenariat\/\",\"url\":\"https:\/\/saintpierre91.org\/cefop\/licence-professionnelle-entrepreneuriat-reprenariat-et-intraprenariat\/\",\"name\":\"Licence Professionnelle - Entrepreneuriat, reprenariat et intraprenariat - CEFOP Saint Pierre OF CFA\",\"isPartOf\":{\"@id\":\"https:\/\/saintpierre91.org\/cefop\/#website\"},\"primaryImageOfPage\":{\"@id\":\"https:\/\/saintpierre91.org\/cefop\/licence-professionnelle-entrepreneuriat-reprenariat-et-intraprenariat\/#primaryimage\"},\"image\":{\"@id\":\"https:\/\/saintpierre91.org\/cefop\/licence-professionnelle-entrepreneuriat-reprenariat-et-intraprenariat\/#primaryimage\"},\"thumbnailUrl\":\"https:\/\/saintpierre91.org\/images\/PSH-4.svg\",\"datePublished\":\"2021-06-15T12:14:37+00:00\",\"dateModified\":\"2025-09-25T14:01:30+00:00\",\"breadcrumb\":{\"@id\":\"https:\/\/saintpierre91.org\/cefop\/licence-professionnelle-entrepreneuriat-reprenariat-et-intraprenariat\/#breadcrumb\"},\"inLanguage\":\"fr-FR\",\"potentialAction\":[{\"@type\":\"ReadAction\",\"target\":[\"https:\/\/saintpierre91.org\/cefop\/licence-professionnelle-entrepreneuriat-reprenariat-et-intraprenariat\/\"]}]},{\"@type\":\"ImageObject\",\"inLanguage\":\"fr-FR\",\"@id\":\"https:\/\/saintpierre91.org\/cefop\/licence-professionnelle-entrepreneuriat-reprenariat-et-intraprenariat\/#primaryimage\",\"url\":\"https:\/\/saintpierre91.org\/images\/PSH-4.svg\",\"contentUrl\":\"https:\/\/saintpierre91.org\/images\/PSH-4.svg\"},{\"@type\":\"BreadcrumbList\",\"@id\":\"https:\/\/saintpierre91.org\/cefop\/licence-professionnelle-entrepreneuriat-reprenariat-et-intraprenariat\/#breadcrumb\",\"itemListElement\":[{\"@type\":\"ListItem\",\"position\":1,\"name\":\"Accueil\",\"item\":\"https:\/\/saintpierre91.org\/cefop\/\"},{\"@type\":\"ListItem\",\"position\":2,\"name\":\"Licence Professionnelle &#8211; Entrepreneuriat, reprenariat et intraprenariat\"}]},{\"@type\":\"WebSite\",\"@id\":\"https:\/\/saintpierre91.org\/cefop\/#website\",\"url\":\"https:\/\/saintpierre91.org\/cefop\/\",\"name\":\"CEFOP Saint Pierre OF CFA\",\"description\":\"Le  CEFOP Saint-Pierre a l\u2019ambition d\u2019accompagner l\u2019\u00e9volution des besoins et des m\u00e9tiers dans les secteurs de l\u2019h\u00f4tellerie, de la restauration, du tertiaire et du sanitaire et social en privil\u00e9giant des partenariats p\u00e9dagogiques de qualit\u00e9.\",\"publisher\":{\"@id\":\"https:\/\/saintpierre91.org\/cefop\/#organization\"},\"potentialAction\":[{\"@type\":\"SearchAction\",\"target\":{\"@type\":\"EntryPoint\",\"urlTemplate\":\"https:\/\/saintpierre91.org\/cefop\/?s={search_term_string}\"},\"query-input\":{\"@type\":\"PropertyValueSpecification\",\"valueRequired\":true,\"valueName\":\"search_term_string\"}}],\"inLanguage\":\"fr-FR\"},{\"@type\":\"Organization\",\"@id\":\"https:\/\/saintpierre91.org\/cefop\/#organization\",\"name\":\"CEFOP SAINT-PIERRE OF-CFA\",\"url\":\"https:\/\/saintpierre91.org\/cefop\/\",\"logo\":{\"@type\":\"ImageObject\",\"inLanguage\":\"fr-FR\",\"@id\":\"https:\/\/saintpierre91.org\/cefop\/#\/schema\/logo\/image\/\",\"url\":\"https:\/\/saintpierre91.org\/cefop\/wp-content\/uploads\/2020\/11\/icone-01.png\",\"contentUrl\":\"https:\/\/saintpierre91.org\/cefop\/wp-content\/uploads\/2020\/11\/icone-01.png\",\"width\":512,\"height\":512,\"caption\":\"CEFOP SAINT-PIERRE OF-CFA\"},\"image\":{\"@id\":\"https:\/\/saintpierre91.org\/cefop\/#\/schema\/logo\/image\/\"}}]}<\/script>\n<!-- \/ Yoast SEO plugin. -->","yoast_head_json":{"title":"Licence Professionnelle - Entrepreneuriat, reprenariat et intraprenariat - CEFOP Saint Pierre OF CFA","robots":{"index":"index","follow":"follow","max-snippet":"max-snippet:-1","max-image-preview":"max-image-preview:large","max-video-preview":"max-video-preview:-1"},"canonical":"https:\/\/saintpierre91.org\/cefop\/licence-professionnelle-entrepreneuriat-reprenariat-et-intraprenariat\/","og_locale":"fr_FR","og_type":"article","og_title":"Licence Professionnelle - Entrepreneuriat, reprenariat et intraprenariat - CEFOP Saint Pierre OF CFA","og_description":"Licence Professionnelle &#8211; Management et gestion des organisations Entrepreneuriat, reprenariat et intraprenariat En alternance Principales comp\u00e9tences Cr\u00e9er, reprendre, diriger, d\u00e9velopper une entreprise Manager une \u00e9quipe Analyser et exploiter des donn\u00e9es G\u00e9rer un projet D\u00e9velopper la dynamique commerciale Elaborer un Business plan CONTENU DES ENSEIGNEMENTS Parmi les mati\u00e8res du programme Projet tuteur\u00e9 \/ Cr\u00e9ation d\u2019entreprise \/...","og_url":"https:\/\/saintpierre91.org\/cefop\/licence-professionnelle-entrepreneuriat-reprenariat-et-intraprenariat\/","og_site_name":"CEFOP Saint Pierre OF CFA","article_modified_time":"2025-09-25T14:01:30+00:00","og_image":[{"url":"https:\/\/saintpierre91.org\/images\/PSH-4.svg","type":"","width":"","height":""}],"twitter_card":"summary_large_image","twitter_misc":{"Dur\u00e9e de lecture estim\u00e9e":"4 minutes"},"schema":{"@context":"https:\/\/schema.org","@graph":[{"@type":"WebPage","@id":"https:\/\/saintpierre91.org\/cefop\/licence-professionnelle-entrepreneuriat-reprenariat-et-intraprenariat\/","url":"https:\/\/saintpierre91.org\/cefop\/licence-professionnelle-entrepreneuriat-reprenariat-et-intraprenariat\/","name":"Licence Professionnelle - Entrepreneuriat, reprenariat et intraprenariat - CEFOP Saint Pierre OF CFA","isPartOf":{"@id":"https:\/\/saintpierre91.org\/cefop\/#website"},"primaryImageOfPage":{"@id":"https:\/\/saintpierre91.org\/cefop\/licence-professionnelle-entrepreneuriat-reprenariat-et-intraprenariat\/#primaryimage"},"image":{"@id":"https:\/\/saintpierre91.org\/cefop\/licence-professionnelle-entrepreneuriat-reprenariat-et-intraprenariat\/#primaryimage"},"thumbnailUrl":"https:\/\/saintpierre91.org\/images\/PSH-4.svg","datePublished":"2021-06-15T12:14:37+00:00","dateModified":"2025-09-25T14:01:30+00:00","breadcrumb":{"@id":"https:\/\/saintpierre91.org\/cefop\/licence-professionnelle-entrepreneuriat-reprenariat-et-intraprenariat\/#breadcrumb"},"inLanguage":"fr-FR","potentialAction":[{"@type":"ReadAction","target":["https:\/\/saintpierre91.org\/cefop\/licence-professionnelle-entrepreneuriat-reprenariat-et-intraprenariat\/"]}]},{"@type":"ImageObject","inLanguage":"fr-FR","@id":"https:\/\/saintpierre91.org\/cefop\/licence-professionnelle-entrepreneuriat-reprenariat-et-intraprenariat\/#primaryimage","url":"https:\/\/saintpierre91.org\/images\/PSH-4.svg","contentUrl":"https:\/\/saintpierre91.org\/images\/PSH-4.svg"},{"@type":"BreadcrumbList","@id":"https:\/\/saintpierre91.org\/cefop\/licence-professionnelle-entrepreneuriat-reprenariat-et-intraprenariat\/#breadcrumb","itemListElement":[{"@type":"ListItem","position":1,"name":"Accueil","item":"https:\/\/saintpierre91.org\/cefop\/"},{"@type":"ListItem","position":2,"name":"Licence Professionnelle &#8211; Entrepreneuriat, reprenariat et intraprenariat"}]},{"@type":"WebSite","@id":"https:\/\/saintpierre91.org\/cefop\/#website","url":"https:\/\/saintpierre91.org\/cefop\/","name":"CEFOP Saint Pierre OF CFA","description":"Le  CEFOP Saint-Pierre a l\u2019ambition d\u2019accompagner l\u2019\u00e9volution des besoins et des m\u00e9tiers dans les secteurs de l\u2019h\u00f4tellerie, de la restauration, du tertiaire et du sanitaire et social en privil\u00e9giant des partenariats p\u00e9dagogiques de qualit\u00e9.","publisher":{"@id":"https:\/\/saintpierre91.org\/cefop\/#organization"},"potentialAction":[{"@type":"SearchAction","target":{"@type":"EntryPoint","urlTemplate":"https:\/\/saintpierre91.org\/cefop\/?s={search_term_string}"},"query-input":{"@type":"PropertyValueSpecification","valueRequired":true,"valueName":"search_term_string"}}],"inLanguage":"fr-FR"},{"@type":"Organization","@id":"https:\/\/saintpierre91.org\/cefop\/#organization","name":"CEFOP SAINT-PIERRE OF-CFA","url":"https:\/\/saintpierre91.org\/cefop\/","logo":{"@type":"ImageObject","inLanguage":"fr-FR","@id":"https:\/\/saintpierre91.org\/cefop\/#\/schema\/logo\/image\/","url":"https:\/\/saintpierre91.org\/cefop\/wp-content\/uploads\/2020\/11\/icone-01.png","contentUrl":"https:\/\/saintpierre91.org\/cefop\/wp-content\/uploads\/2020\/11\/icone-01.png","width":512,"height":512,"caption":"CEFOP SAINT-PIERRE OF-CFA"},"image":{"@id":"https:\/\/saintpierre91.org\/cefop\/#\/schema\/logo\/image\/"}}]}},"_links":{"self":[{"href":"https:\/\/saintpierre91.org\/cefop\/wp-json\/wp\/v2\/pages\/2434","targetHints":{"allow":["GET"]}}],"collection":[{"href":"https:\/\/saintpierre91.org\/cefop\/wp-json\/wp\/v2\/pages"}],"about":[{"href":"https:\/\/saintpierre91.org\/cefop\/wp-json\/wp\/v2\/types\/page"}],"author":[{"embeddable":true,"href":"https:\/\/saintpierre91.org\/cefop\/wp-json\/wp\/v2\/users\/1"}],"replies":[{"embeddable":true,"href":"https:\/\/saintpierre91.org\/cefop\/wp-json\/wp\/v2\/comments?post=2434"}],"version-history":[{"count":22,"href":"https:\/\/saintpierre91.org\/cefop\/wp-json\/wp\/v2\/pages\/2434\/revisions"}],"predecessor-version":[{"id":6363,"href":"https:\/\/saintpierre91.org\/cefop\/wp-json\/wp\/v2\/pages\/2434\/revisions\/6363"}],"wp:attachment":[{"href":"https:\/\/saintpierre91.org\/cefop\/wp-json\/wp\/v2\/media?parent=2434"}],"curies":[{"name":"wp","href":"https:\/\/api.w.org\/{rel}","templated":true}]}}